{"version":"1.0","provider_name":"PDP Expert","provider_url":"https:\/\/pdpexpert.com\/en","author_name":"Fernando Balarezo","author_url":"https:\/\/pdpexpert.com\/en\/author\/pdpexpertecgmail-com\/","title":"Framtiden f\u00f6r m\u00e5lstyrning i den digitala eran - PDP Expert","type":"rich","width":600,"height":338,"html":"<blockquote class=\"wp-embedded-content\" data-secret=\"ZCe680qOql\"><a href=\"https:\/\/pdpexpert.com\/en\/framtiden-for-malstyrning-i-den-digitala-eran\/\">Framtiden f\u00f6r m\u00e5lstyrning i den digitala eran<\/a><\/blockquote><iframe sandbox=\"allow-scripts\" security=\"restricted\" src=\"https:\/\/pdpexpert.com\/en\/framtiden-for-malstyrning-i-den-digitala-eran\/embed\/#?secret=ZCe680qOql\" width=\"600\" height=\"338\" title=\"&#8220;Framtiden f\u00f6r m\u00e5lstyrning i den digitala eran&#8221; &#8212; PDP Expert\" data-secret=\"ZCe680qOql\" frameborder=\"0\" marginwidth=\"0\" marginheight=\"0\" scrolling=\"no\" class=\"wp-embedded-content\"><\/iframe><script>\n\/*! This file is auto-generated *\/\n!function(d,l){\"use strict\";l.querySelector&&d.addEventListener&&\"undefined\"!=typeof URL&&(d.wp=d.wp||{},d.wp.receiveEmbedMessage||(d.wp.receiveEmbedMessage=function(e){var t=e.data;if((t||t.secret||t.message||t.value)&&!\/[^a-zA-Z0-9]\/.test(t.secret)){for(var s,r,n,a=l.querySelectorAll('iframe[data-secret=\"'+t.secret+'\"]'),o=l.querySelectorAll('blockquote[data-secret=\"'+t.secret+'\"]'),c=new RegExp(\"^https?:$\",\"i\"),i=0;i<o.length;i++)o[i].style.display=\"none\";for(i=0;i<a.length;i++)s=a[i],e.source===s.contentWindow&&(s.removeAttribute(\"style\"),\"height\"===t.message?(1e3<(r=parseInt(t.value,10))?r=1e3:~~r<200&&(r=200),s.height=r):\"link\"===t.message&&(r=new URL(s.getAttribute(\"src\")),n=new URL(t.value),c.test(n.protocol))&&n.host===r.host&&l.activeElement===s&&(d.top.location.href=t.value))}},d.addEventListener(\"message\",d.wp.receiveEmbedMessage,!1),l.addEventListener(\"DOMContentLoaded\",function(){for(var e,t,s=l.querySelectorAll(\"iframe.wp-embedded-content\"),r=0;r<s.length;r++)(t=(e=s[r]).getAttribute(\"data-secret\"))||(t=Math.random().toString(36).substring(2,12),e.src+=\"#?secret=\"+t,e.setAttribute(\"data-secret\",t)),e.contentWindow.postMessage({message:\"ready\",secret:t},\"*\")},!1)))}(window,document);\n\/\/# sourceURL=https:\/\/pdpexpert.com\/wp-includes\/js\/wp-embed.min.js\n<\/script>","description":"Att s\u00e4tta, f\u00f6lja upp och n\u00e5 aff\u00e4rs- och personliga m\u00e5l har alltid varit k\u00e4rnan i effektiv sj\u00e4lvutveckling och organisatorisk framg\u00e5ng. Men i takt med att digitala verktyg blir alltmer komplexa och anpassningsbara, f\u00f6r\u00e4ndras ocks\u00e5 s\u00e4ttet vi strategiskt n\u00e4rmar oss m\u00e5lhantering. Under de senaste \u00e5ren har framv\u00e4xten av smarta digitala plattformar f\u00e5tt sin plats i centrum [&hellip;]"}